{"id":553,"date":"2016-08-10T00:02:26","date_gmt":"2016-08-09T22:02:26","guid":{"rendered":"http:\/\/huesch.janna-live.de\/?page_id=553"},"modified":"2022-11-04T14:18:42","modified_gmt":"2022-11-04T13:18:42","slug":"links","status":"publish","type":"page","link":"https:\/\/www.songs-of-heimat.de\/index.php\/links\/","title":{"rendered":"Links"},"content":{"rendered":"<p><span style=\"font-family: verdana, geneva, sans-serif; font-size: 10pt;\">Hier eine Auswahl von Links zu befreundeten Musikern, interessanten Themen, etc.:<\/span><\/p>\n<p><strong><span style=\"font-family: verdana, geneva, sans-serif; font-size: 10pt;\">Die Musiker von H\u00fcSCH!<\/span><\/strong><\/p>\n<p><span style=\"text-decoration: underline; color: #800000;\"><span style=\"font-family: verdana, geneva, sans-serif; font-size: 10pt;\"><a style=\"color: #800000; text-decoration: underline;\" href=\"http:\/\/www.janna-live.de\" target=\"_blank\" rel=\"noopener\">Hanna Flock &amp; Joachim Rosenbr\u00fcck<\/a><\/span><\/span><\/p>\n<p><span style=\"text-decoration: underline;\"><span style=\"font-family: verdana, geneva, sans-serif; font-size: 10pt; color: #800000; text-decoration: underline;\"><a style=\"color: #800000; text-decoration: underline;\" href=\"http:\/\/www.banjoman.de\" target=\"_blank\" rel=\"noopener\">Nico Schneider<\/a><\/span><\/span><\/p>\n<p><span style=\"text-decoration: underline;\"><span style=\"font-family: verdana, geneva, sans-serif; font-size: 10pt; color: #800000; text-decoration: underline;\"><a style=\"color: #800000; text-decoration: underline;\" href=\"https:\/\/doc-fritz.de\/\" target=\"_blank\" rel=\"noopener\">Tim Liebert<\/a><\/span><\/span><\/p>\n<p><strong><span style=\"font-size: 10pt; font-family: verdana, geneva, sans-serif;\">Unsere Gastmusiker<\/span><\/strong><\/p>\n<p><span style=\"text-decoration: underline;\"><span style=\"font-family: verdana, geneva, sans-serif; color: #800000; text-decoration: underline;\"><a style=\"color: #800000; text-decoration: underline;\" href=\"http:\/\/www.jenskommnick.de\/index.php\/de\/\" target=\"_blank\" rel=\"noopener\">Jens Kommnick &#8211; Gitarre<\/a><\/span><\/span><\/p>\n<p><a href=\"http:\/\/www.null-problem.com\/\" target=\"_blank\" rel=\"noopener\"><span style=\"text-decoration: underline;\"><span style=\"font-family: verdana, geneva, sans-serif; font-size: 10pt; color: #800000;\">Peter H\u00e4seler &#8211; Bass<\/span><\/span><\/a><\/p>\n<p><strong><span style=\"font-size: 10pt; font-family: verdana, geneva, sans-serif;\">Waldzitherbauer<\/span><\/strong><\/p>\n<p><span style=\"text-decoration: underline; font-size: 10pt; font-family: verdana, geneva, sans-serif; color: #800000;\"><a style=\"color: #800000; text-decoration: underline;\" href=\"http:\/\/www.kaul-mandolinen.de\/\" target=\"_blank\" rel=\"noopener\">Tobias Kaul <\/a><\/span><\/p>\n<p><strong><span style=\"font-family: verdana, geneva, sans-serif; font-size: 10pt;\">Waldzither<\/span><\/strong><\/p>\n<p><a href=\"http:\/\/waldzither-ev.de\/\" target=\"_blank\" rel=\"noopener\"><span style=\"text-decoration: underline; font-family: verdana, geneva, sans-serif; font-size: 10pt;\"><span style=\"color: #800000;\">Waldzitherverein Suhl<\/span><\/span><\/a><\/p>\n<p><span style=\"text-decoration: underline; font-family: verdana, geneva, sans-serif; font-size: 10pt;\"><span style=\"color: #800000;\"><a style=\"color: #800000; text-decoration: underline;\" href=\"http:\/\/waldzither-ev.de\/Neues-Lehrbuch.htm\" target=\"_blank\" rel=\"noopener\">Waldzither Lehrbuch<\/a><\/span><\/span><\/p>\n","protected":false},"excerpt":{"rendered":"<p>Hier eine Auswahl von Links zu befreundeten Musikern, interessanten Themen, etc.: Die Musiker von H\u00fcSCH! Hanna Flock &amp; Joachim Rosenbr\u00fcck Nico Schneider Tim Liebert Unsere Gastmusiker Jens Kommnick &#8211; Gitarre Peter H\u00e4seler &#8211; Bass Waldzitherbauer Tobias Kaul Waldzither Waldzitherverein Suhl Waldzither Lehrbuch<\/p>\n","protected":false},"author":2,"featured_media":0,"parent":0,"menu_order":0,"comment_status":"closed","ping_status":"closed","template":"","meta":{"footnotes":""},"class_list":["post-553","page","type-page","status-publish","hentry","nodate","item-wrap"],"_links":{"self":[{"href":"https:\/\/www.songs-of-heimat.de\/index.php\/wp-json\/wp\/v2\/pages\/553","targetHints":{"allow":["GET"]}}],"collection":[{"href":"https:\/\/www.songs-of-heimat.de\/index.php\/wp-json\/wp\/v2\/pages"}],"about":[{"href":"https:\/\/www.songs-of-heimat.de\/index.php\/wp-json\/wp\/v2\/types\/page"}],"author":[{"embeddable":true,"href":"https:\/\/www.songs-of-heimat.de\/index.php\/wp-json\/wp\/v2\/users\/2"}],"replies":[{"embeddable":true,"href":"https:\/\/www.songs-of-heimat.de\/index.php\/wp-json\/wp\/v2\/comments?post=553"}],"version-history":[{"count":10,"href":"https:\/\/www.songs-of-heimat.de\/index.php\/wp-json\/wp\/v2\/pages\/553\/revisions"}],"predecessor-version":[{"id":792,"href":"https:\/\/www.songs-of-heimat.de\/index.php\/wp-json\/wp\/v2\/pages\/553\/revisions\/792"}],"wp:attachment":[{"href":"https:\/\/www.songs-of-heimat.de\/index.php\/wp-json\/wp\/v2\/media?parent=553"}],"curies":[{"name":"wp","href":"https:\/\/api.w.org\/{rel}","templated":true}]}}