{"id":532,"date":"2016-08-09T23:17:32","date_gmt":"2016-08-09T21:17:32","guid":{"rendered":"http:\/\/huesch.janna-live.de\/?page_id=532"},"modified":"2018-07-29T15:17:22","modified_gmt":"2018-07-29T13:17:22","slug":"presse-co","status":"publish","type":"page","link":"https:\/\/www.songs-of-heimat.de\/index.php\/presse-co\/","title":{"rendered":"Presse &#038; Co."},"content":{"rendered":"<p style=\"text-align: justify;\"><strong><span style=\"color: #000000;\"><span style=\"font-family: Verdana, sans-serif;\"><span style=\"font-size: small;\"><span style=\"font-family: verdana, geneva, sans-serif; font-size: 10pt;\"><img loading=\"lazy\" decoding=\"async\" class=\"alignnone wp-image-509 size-full\" src=\"https:\/\/www.songs-of-heimat.de\/wp-content\/uploads\/2016\/08\/Folker-e1470775645785.jpg\" alt=\"Folker\" width=\"150\" height=\"63\" \/>In der Kategorie: \u201eDie Besondere CD\u201c<\/span><\/span><\/span><\/span><\/strong><\/p>\n<blockquote>\n<p style=\"text-align: justify;\"><span style=\"font-family: verdana, geneva, sans-serif; font-size: 10pt;\"><b>Deutschfolk vom Feinsten<\/b><\/span><\/p>\n<p style=\"text-align: justify;\"><span style=\"color: #000000; font-family: verdana, geneva, sans-serif; font-size: 10pt;\">[&#8230;] Passend zum lokalen Bezug der Waldzither haben sie weniger bekannte Dialektlieder und Instrumentalst\u00fccke aus ihrer Heimat gesucht und sie mit den bekannten hochdeutschen Liedern zu einer Mischung zusammengefasst, die auch au\u00dferhalb ihrer Region ausgezeichnet funktioniert. Von besonderer G\u00fcte? Allerdings. Das H\u00fcsch!-Deb\u00fctalbum ist eine der sch\u00f6nsten Deutschfolkplatten der letzten Jahre.<\/span><\/p>\n<\/blockquote>\n<p><img loading=\"lazy\" decoding=\"async\" class=\"alignnone size-full wp-image-510\" src=\"https:\/\/www.songs-of-heimat.de\/wp-content\/uploads\/2016\/08\/Folkherbst-e1470775745583.jpg\" alt=\"Folkherbst\" width=\"150\" height=\"53\" \/><\/p>\n<blockquote>\n<p style=\"text-align: justify;\"><span style=\"color: #000000; font-family: verdana, geneva, sans-serif; font-size: 10pt;\"><span style=\"color: #141823;\">Sie sind das Beste seit Folkl\u00e4nder und Wacholder die FolkB\u00fchne verlie\u00dfen. <\/span><\/span><\/p>\n<p style=\"text-align: justify;\"><span style=\"color: #000000; font-family: verdana, geneva, sans-serif; font-size: 10pt;\"><span style=\"color: #141823;\">(anl\u00e4sslich der Nominierung f\u00fcr den europ\u00e4ischen Folkmusikpreis &#8222;Eiserner Eversteiner&#8220;)<\/span><\/span><\/p>\n<\/blockquote>\n<p>&nbsp;<\/p>\n<p style=\"text-align: justify;\">\u00a0<img loading=\"lazy\" decoding=\"async\" class=\"alignnone size-full wp-image-511\" src=\"https:\/\/www.songs-of-heimat.de\/wp-content\/uploads\/2016\/08\/FIF-e1470776054712.jpg\" alt=\"FIF\" width=\"150\" height=\"89\" \/><\/p>\n<p style=\"text-align: justify;\"><span style=\"color: #000000; font-family: verdana, geneva, sans-serif; font-size: 10pt;\"><b>Festival \u201eFolk im Fluss\u201c Frankfurt<\/b><\/span><\/p>\n<blockquote>\n<p style=\"text-align: justify;\"><span style=\"color: #000000; font-family: verdana, geneva, sans-serif; font-size: 10pt;\">Ein mitrei\u00dfendes Abschlusskonzert spielten in diesem Jahr die sympathischen Musiker von H\u00fcSCH!. Lieder in verschiedenen th\u00fcringer Dialekten, aber auch mal in Hochdeutsch wurden mit Spa\u00df und K\u00f6nnen in unsere Herzen und Beine gesungen.<\/span><\/p>\n<\/blockquote>\n<h1 class=\"western\" style=\"text-align: justify;\"><span style=\"color: #000000; font-family: verdana, geneva, sans-serif; font-size: 10pt;\"><b><img loading=\"lazy\" decoding=\"async\" class=\"alignnone size-full wp-image-513\" src=\"https:\/\/www.songs-of-heimat.de\/wp-content\/uploads\/2016\/08\/Venne.jpg\" alt=\"Venne\" width=\"150\" height=\"150\" \/>Venner Folkfr\u00fchling: \u201eFestival 2015 startet Furios\u201c<\/b><\/span><\/h1>\n<blockquote>\n<p style=\"text-align: justify;\"><span style=\"color: #222222; font-family: verdana, geneva, sans-serif; font-size: 10pt;\">Das war\u00a0ein Start nach Ma\u00df\u00a0im vollbesetzten Saal des Gasthauses Linnenschmidt.<\/span><\/p>\n<p style=\"text-align: justify;\" align=\"LEFT\"><span style=\"color: #222222; font-family: verdana, geneva, sans-serif; font-size: 10pt;\">Zum diesj\u00e4hrigen Auftakt hatten die Veranstalter die Gruppe &#8222;H\u00fcSCH!&#8220;\u00a0eingeladen. Und das war ein echter Volltreffer. Alte deutsche und mundartliche Texte aus Th\u00fcringen verpackt in toller Musik rissen das Publikum von Anfang an mit.<\/span><\/p>\n<\/blockquote>\n<p style=\"text-align: justify;\"><img loading=\"lazy\" decoding=\"async\" class=\"alignnone size-full wp-image-512\" src=\"https:\/\/www.songs-of-heimat.de\/wp-content\/uploads\/2016\/08\/Folk-News-e1470776283131.jpg\" alt=\"Folk News\" width=\"200\" height=\"33\" \/><\/p>\n<blockquote>\n<p style=\"text-align: justify;\"><span style=\"color: #000000; font-family: verdana, geneva, sans-serif; font-size: 10pt;\">Fernab jedweden Patriotismus-Nonsens\u2018 findet nun das sogenannte Volksliedgut endlich wieder eine Verwendung, die sowohl der Tradition jedoch insbesondere dem Neuanstrich gerecht wird \u2013 und ohne Darf-Man-Das-Gerede der Selbstverst\u00e4ndlichkeit fr\u00f6nt.[&#8230;]<\/span><\/p>\n<p style=\"text-align: justify;\" align=\"LEFT\"><span style=\"color: #000000; font-family: verdana, geneva, sans-serif; font-size: 10pt;\">\u201eBann dr Morche grauit\u201c ist nicht nur ein Deb\u00fct feinster Machart, sondern Impulsgeber und hoffentlich das Indiz f\u00fcr ein neues Selbstverst\u00e4ndnis deutscher Folklore.<\/span><\/p>\n<\/blockquote>\n<p style=\"text-align: justify;\"><img loading=\"lazy\" decoding=\"async\" class=\"alignnone size-full wp-image-515\" src=\"https:\/\/www.songs-of-heimat.de\/wp-content\/uploads\/2016\/08\/Zillo-e1470776370558.jpg\" alt=\"Zillo\" width=\"200\" height=\"44\" \/><\/p>\n<blockquote>\n<p style=\"text-align: justify;\"><span style=\"color: #000000; font-family: verdana, geneva, sans-serif; font-size: 10pt;\">So erklingen die ehemals angestaubten Musikschulklassiker \u201eKein sch\u00f6ner Land\u201c und \u201eEs geht ein dunkler Wolk herein\u201c in vollendeten Neuinterpretationen, demaskieren das Bisherige und garantieren beinahe nebenbei ein H\u00f6rerlebnis par excellence.<\/span><\/p>\n<\/blockquote>\n<p style=\"text-align: justify;\"><img loading=\"lazy\" decoding=\"async\" class=\"alignnone size-full wp-image-516\" src=\"https:\/\/www.songs-of-heimat.de\/wp-content\/uploads\/2016\/08\/Freies.jpg\" alt=\"Freies\" width=\"240\" height=\"64\" \/><\/p>\n<blockquote>\n<p style=\"text-align: justify;\"><span style=\"font-family: verdana, geneva, sans-serif; font-size: 10pt;\"><span style=\"color: #000000;\">Mit \u201eSongs of Heimat\u201c hat <\/span>die Band H\u00fcsch nicht nur das Stammpublikum von Da Capo angesprochen. Sie spielten vor ausverkauftem Haus und das Publikum erfreute sich an alten Weisen und neuen Melodien.<\/span><\/p>\n<p style=\"text-align: justify;\"><span style=\"color: #000000; font-family: verdana, geneva, sans-serif; font-size: 10pt;\">[&#8230;]Das Ergebnis ist eine erstaunliche Farbenvielfalt ganz neuer deutscher Folkmusik. Nahezu poppige Songs und auch zauberhafte Balladen im Zusammenspiel mit Fl\u00f6te, Klavier ,Banjo, Gitarre, Harmonika und vor allem passioniertem, mehrstimmigen Gesang boten eine nie geh\u00f6rte musikalische Mischung von Traditionellem und Modernem.<\/span><\/p>\n<\/blockquote>\n<p style=\"text-align: justify;\"><img loading=\"lazy\" decoding=\"async\" class=\"alignnone size-full wp-image-514\" src=\"https:\/\/www.songs-of-heimat.de\/wp-content\/uploads\/2016\/08\/Jens-e1470776247788.png\" alt=\"Jens\" width=\"200\" height=\"36\" \/><\/p>\n<blockquote>\n<p style=\"text-align: justify;\"><span style=\"font-size: 10pt; font-family: verdana, geneva, sans-serif;\">H\u00fcSCH! klingt wie Planxty auf Deutsch!<\/span><\/p>\n<\/blockquote>\n<p style=\"text-align: justify;\"><img loading=\"lazy\" decoding=\"async\" class=\"alignnone size-full wp-image-517\" src=\"https:\/\/www.songs-of-heimat.de\/wp-content\/uploads\/2016\/08\/Frankenpost-e1470776460233.jpg\" alt=\"Frankenpost\" width=\"180\" height=\"70\" \/><\/p>\n<blockquote>\n<p style=\"text-align: justify;\"><span style=\"color: #000000; font-family: verdana, geneva, sans-serif; font-size: 10pt;\"><br \/>\nDie vier [\u2026] Musiker spielen Volkslieder in einer atemberaubenden Intensit\u00e4t und Frische. Bei &#8222;Es geht eine dunkle Wolk herein&#8220; jagt einem S\u00e4ngerin Hanna Flock G\u00e4nsehautschauer \u00fcber den K\u00f6rper und selbst das einfach gestrickte &#8222;Nun will der Lenz uns gr\u00fc\u00dfen&#8220; wird in den H\u00e4nden der Th\u00fcringer zum verjazzten Juwel. Und\u201c<em>H\u00fcsch!\u201c<\/em>geht noch weiter. Auf dieselbe unkonventionelle Art und Weise verf\u00e4hrt die Gruppe mit regionalen Th\u00fcringer Mundartliedern. &#8222;Und so nehm ich meine B\u00fcchse&#8220; oder &#8222;Unterwegs ins Th\u00fcringer Land&#8220; -was im Titel nach Heimatkitsch klingt, entpuppt sich bei den vier Musikern als zupackend und mit gro\u00dfem Ausdruck gesungenes Liedmaterial. Aus diesen Wald- und Jagdliedern macht\u201c<em>H\u00fcsch!\u201c<\/em>kraftvolle Lieder, die in ihrer musikalischen G\u00fcltigkeit keinen Vergleich mit den gro\u00dfen Folksongs scheuen m\u00fcssen. Ein langanhaltender Schlussbeifall und vehement geforderte Zugaben sagen es am Ende deutlich: Weiter so, H\u00fcsch-gut euch zu h\u00f6ren.<\/span><\/p>\n<\/blockquote>\n<p style=\"text-align: justify;\"><span style=\"font-size: 10pt; font-family: verdana, geneva, sans-serif;\"><img loading=\"lazy\" decoding=\"async\" class=\"alignnone size-full wp-image-530\" src=\"https:\/\/www.songs-of-heimat.de\/wp-content\/uploads\/2016\/08\/logo-osns-e1470777309788.jpg\" alt=\"logo osns\" width=\"200\" height=\"51\" \/><br \/>\n<\/span><\/p>\n<blockquote>\n<p style=\"text-align: justify;\"><span style=\"font-size: 10pt; font-family: verdana, geneva, sans-serif;\">Alte, vergessene [&#8230;]\u00a0Lieder aus den Tiefen der l\u00e4ngst vergessenen Musikarchive Th\u00fcringens &#8211; ausgegraben, entstaubt und arrangiert von H\u00fcsch! &#8211; dargeboten in einem modernen, folk-jazz-weltmusikalischen Gewand<\/span><\/p>\n<\/blockquote>\n<p style=\"text-align: justify;\"><img loading=\"lazy\" decoding=\"async\" class=\"alignnone size-full wp-image-518\" src=\"https:\/\/www.songs-of-heimat.de\/wp-content\/uploads\/2016\/08\/amazon-e1470776517803.jpg\" alt=\"amazon\" width=\"150\" height=\"54\" \/><\/p>\n<blockquote>\n<p style=\"text-align: justify;\"><span style=\"color: #000000; font-family: verdana, geneva, sans-serif; font-size: 10pt;\"><span style=\"color: #222222;\">Was in Bayern mittlerweile schon wieder fast selbstverst\u00e4ndlich ist, dass n\u00e4mlich junge Leute die \u00fcberlieferten Melodien und Texte auf ihre ganz eigene Weise interpretieren und sie damit von allem Schmalz und Staub befreien, gibt es nun endlich auch aus Th\u00fcringen. Insbesondere die Texte in Th\u00fcringer und Vogtl\u00e4nder Mundart lassen ahnen, welche musikalischen Sch\u00e4tze darauf warten, auf diese Weise entdeckt und veredelt zu werden. Aber auch einige, noch aus dem Musikunterricht bekannte, damals nicht unbedingt geliebte Lieder verwandeln sich hier in echte Ohrw\u00fcrmer.<\/span><i><br \/>\n<\/i><span style=\"color: #222222;\">Bitte unbedingt mehr davon!!!<\/span><\/span><\/p>\n<\/blockquote>\n<p align=\"JUSTIFY\"><span style=\"font-family: verdana, geneva, sans-serif; font-size: 10pt;\"><img loading=\"lazy\" decoding=\"async\" class=\"alignleft\" src=\"http:\/\/deadguitars.com\/wp-content\/uploads\/2016\/02\/musikreviews_de_logo.png\" width=\"303\" height=\"77\" name=\"Grafik10\" align=\"BOTTOM\" border=\"0\" \/><\/span><\/p>\n<blockquote>\n<p align=\"JUSTIFY\"><span style=\"font-family: verdana, geneva, sans-serif; font-size: 10pt;\"><span style=\"color: #000000;\">Eigentlich ist es eine Schmach, dass bisher kaum jemand diese Th\u00fcringer Folk-Band wirklich bewusst wahr genommen hat und sie mit \u00f6ffentlicher Aufmerksamkeit \u00fcbersch\u00fcttet wird. Dabei h\u00e4tte das doch bereits seit 2014 der Fall sein m\u00fcssen, als ihr Album-Deb\u00fct \u201eBann dr Morche grauit\u201c vom Fachmagazin \u201eFolker\u201c zur besten Folk-Rock-Scheibe des Jahres gek\u00fcrt wurde.<br \/>\nUnd wer\u00a0<\/span><em><span style=\"color: #000000;\">H\u00dcSCH!<\/span><\/em><span style=\"color: #000000;\">\u00a0zweites Album h\u00f6rt, dem wird ruckzuck klar, warum\u00a0<\/span><em><span style=\"color: #000000;\">H\u00dcSCH!<\/span><\/em><span style=\"color: #000000;\">\u00a0diese Ehre widerfuhr. Denn das Th\u00fcringer Quartett fegt alle schrecklichen Klischees, welche sich um das Wort \u201eVolksmusik\u201c ranken, mit einem Paukenschlag &#8211; oder besser mit 3 Waldzithern (!!!), Fl\u00f6te, Banjo, Klavier, Mundharmonika, Akkordeon, Maultrommel, Cajon, Violine, Gitarre sowie mehrstimmigem m\u00e4nnlichen und weiblichen Gesang &#8211; davon und verbannt alles br\u00e4unlich M\u00fcffelnde, HEINOeske, Deutscht\u00fcmelnde, Rentneraffine und TV-Samstagabendverbl\u00f6dende in den Musikkeller volkst\u00fcmlicher Peinlichkeiten [&#8230;]<\/span><\/span><\/p>\n<p align=\"JUSTIFY\"><span style=\"color: #000000; font-family: verdana, geneva, sans-serif; font-size: 10pt;\">H\u00dcSCH! beherrschen die hohe Musikkunst, alte, etwas verstaubte Volksmusik zu entstauben, ihnen etwas flottere Melodien hinzuzuf\u00fcgen und sie mit ihren faszinierenden Eigeninterpretationen in die Gegenwart zu transportieren, ohne dabei der Vergangenheit ihren Reiz zu stehlen. So wird zugleich der musikalische Beweis erbracht, dass diese Lieder zeitlos sind [&#8230;]<\/span><\/p>\n<p align=\"JUSTIFY\"><span style=\"font-family: verdana, geneva, sans-serif; font-size: 10pt;\"><span style=\"color: #000000;\">Am Ende bleibt so nur ein einziges\u00a0FAZIT: Volksmusik kann modern sein! Das ist die Botschaft hinter der Musik von\u00a0<\/span><em><span style=\"color: #000000;\">H\u00dcSCH!<\/span><\/em><span style=\"color: #000000;\">, die sich von alten Z\u00f6pfen und verstaubten Musik-Per\u00fccken trennen, um der anf\u00e4nglichen Nat\u00fcrlichkeit dieser sch\u00f6nen Musik einen neuen, modernen Musik-Haarschnitt zu verpassen!<\/span><\/span><\/p>\n<\/blockquote>\n<p>&nbsp;<\/p>\n<p><span style=\"color: #000000; font-family: verdana, geneva, sans-serif; font-size: 10pt;\"><b>Facebook-Kommentare<\/b><\/span><\/p>\n<blockquote><p><span style=\"color: #000000; font-family: verdana, geneva, sans-serif; font-size: 10pt;\">Echte ehrliche gute handgemachte Musik. Sollte sich jeder mal antun, wird man nicht mehr vergessen. Vier Musiker die mit Herz und Seele genau das r\u00fcberbringen wovon andere tr\u00e4umen.<\/span><\/p>\n<p>&nbsp;<\/p>\n<p><span style=\"color: #000000; font-family: verdana, geneva, sans-serif; font-size: 10pt;\"><span style=\"color: #141823;\">Ich wollte mich bei euch f\u00fcr das sch\u00f6ne Konzert\/Interview im Schminkkasten bedanken! Ihr habt mir gezeigt, das Lieder wie &#8222;Nun will der Lenz uns Gr\u00fc\u00dfen&#8220; oder &#8222;Kein sch\u00f6ner Land&#8220; auch sch\u00f6n sein k\u00f6nnen . Ich musste diese Lieder in der Grundschule lernen und fand sie damals \u00e4tzend. Ihr habt es geschafft, dass mir (ein Teenager) diese Lieder wieder gefallen. Eure Versionen von den Liedern h\u00f6re ich seit gestern auf und ab, und h\u00e4tte mir gew\u00fcnscht sie eher gekannt zu haben &#8211; da w\u00e4re das lernen wesentlich einfacher gewesen &#8230;. Danke daf\u00fcr!&#8220;<\/span><\/span><\/p><\/blockquote>\n","protected":false},"excerpt":{"rendered":"<p>In der Kategorie: \u201eDie Besondere CD\u201c Deutschfolk vom Feinsten [&#8230;] Passend zum lokalen Bezug der Waldzither haben sie weniger bekannte Dialektlieder und Instrumentalst\u00fccke aus ihrer Heimat gesucht und sie mit den bekannten hochdeutschen Liedern zu einer Mischung zusammengefasst, die auch au\u00dferhalb ihrer Region ausgezeichnet funktioniert. Von besonderer G\u00fcte? Allerdings. Das H\u00fcsch!-Deb\u00fctalbum ist eine der sch\u00f6nsten &hellip; <\/p>\n<p><a class=\"more-link btn\" href=\"https:\/\/www.songs-of-heimat.de\/index.php\/presse-co\/\">Weiterlesen<\/a><\/p>\n","protected":false},"author":2,"featured_media":0,"parent":0,"menu_order":0,"comment_status":"closed","ping_status":"closed","template":"","meta":{"footnotes":""},"class_list":["post-532","page","type-page","status-publish","hentry","nodate","item-wrap"],"_links":{"self":[{"href":"https:\/\/www.songs-of-heimat.de\/index.php\/wp-json\/wp\/v2\/pages\/532","targetHints":{"allow":["GET"]}}],"collection":[{"href":"https:\/\/www.songs-of-heimat.de\/index.php\/wp-json\/wp\/v2\/pages"}],"about":[{"href":"https:\/\/www.songs-of-heimat.de\/index.php\/wp-json\/wp\/v2\/types\/page"}],"author":[{"embeddable":true,"href":"https:\/\/www.songs-of-heimat.de\/index.php\/wp-json\/wp\/v2\/users\/2"}],"replies":[{"embeddable":true,"href":"https:\/\/www.songs-of-heimat.de\/index.php\/wp-json\/wp\/v2\/comments?post=532"}],"version-history":[{"count":20,"href":"https:\/\/www.songs-of-heimat.de\/index.php\/wp-json\/wp\/v2\/pages\/532\/revisions"}],"predecessor-version":[{"id":689,"href":"https:\/\/www.songs-of-heimat.de\/index.php\/wp-json\/wp\/v2\/pages\/532\/revisions\/689"}],"wp:attachment":[{"href":"https:\/\/www.songs-of-heimat.de\/index.php\/wp-json\/wp\/v2\/media?parent=532"}],"curies":[{"name":"wp","href":"https:\/\/api.w.org\/{rel}","templated":true}]}}