{"id":487,"date":"2016-08-09T22:02:37","date_gmt":"2016-08-09T20:02:37","guid":{"rendered":"http:\/\/huesch.janna-live.de\/?page_id=487"},"modified":"2016-08-09T23:48:22","modified_gmt":"2016-08-09T21:48:22","slug":"pressetext","status":"publish","type":"page","link":"https:\/\/www.songs-of-heimat.de\/index.php\/pressetext\/","title":{"rendered":"Pressetext"},"content":{"rendered":"<h4 style=\"text-align: justify;\"><span style=\"font-family: verdana, geneva, sans-serif; font-size: 10pt;\">Der Pressetext von H\u00fcSCH! ist so konzipiert, dass die L\u00e4nge individuell angepasst werden kann. Der erste Absatz ist zum Verst\u00e4ndnis der Musik\u00a0von H\u00fcSCH! immer zu verwenden, jeder weitere Absatz ist f\u00fcr sich ein abgeschlossener Text und kann optional hinzugef\u00fcgt werden. Bestimmen Sie selbst, wie viel Information Sie \u00fcbernehmen.<\/span><\/h4>\n<h4 style=\"text-align: justify;\"><strong><span style=\"font-family: verdana, geneva, sans-serif; font-size: 10pt;\">PRESSETEXT KURZ:<\/span><\/strong><\/h4>\n<p style=\"text-align: justify;\"><span style=\"color: #222222; font-family: verdana, geneva, sans-serif; font-size: 10pt;\">H\u00fcSCH! spielt virtuose deutsche Folkmusik in einem weltmusikalischen Gewand, fernab von Deutscht\u00fcmelei und Brauchtumspflege. Mit viel Sensibilit\u00e4t und Sachverstand, versuchen die Musiker traditionelle Lieder und T\u00e4nze aus ihrer Region zu entstauben, sie zeitgem\u00e4\u00df, frisch und mitrei\u00dfend zu interpretieren und damit ins 21 Jahrhundert zu transportieren. Die Presse attestiert der Band einen v\u00f6llig neuen Umgang mit der eigenen Tradition und dass sie damit zum Besten geh\u00f6ren, was die deutsche Folklandschaft hervorgebracht hat, seit Wacholder und die Folkl\u00e4nder die B\u00fchnen verlassen haben (aus dem Text zur Nominierung f\u00fcr den Eisernen Eversteiner des Plauener Malzhauses). Das H\u00fcSCH!-Deb\u00fct-Album wurde vom Szene-Magazin Folker zur besten Deutsch-Folk-Scheibe seit Jahren gek\u00fcrt und die zweite CD\u00a0erhielt eine Nominierung f\u00fcr den\u00a0Preis der deutschen Schallplattenkritik.<\/span><\/p>\n<p style=\"text-align: justify;\"><strong><span style=\"font-family: verdana, geneva, sans-serif; font-size: 10pt;\">PRESSETEXT LANG:<\/span><\/strong><\/p>\n<p style=\"text-align: justify;\"><span style=\"color: #222222; font-family: verdana, geneva, sans-serif; font-size: 10pt;\">H\u00fcSCH! spielt virtuose deutsche Folkmusik in einem weltmusikalischen Gewand, fernab von Deutscht\u00fcmelei und Brauchtumspflege. Mit viel Sensibilit\u00e4t und Sachverstand, versuchen die Musiker traditionelle Lieder und T\u00e4nze aus ihrer Region zu entstauben, sie zeitgem\u00e4\u00df, frisch und mitrei\u00dfend zu interpretieren und damit ins 21 Jahrhundert zu transportieren. Die Presse attestiert der Band einen v\u00f6llig neuen Umgang mit der eigenen Tradition und dass sie damit zum Besten geh\u00f6ren, was die deutsche Folklandschaft hervorgebracht hat, seit Wacholder und die Folkl\u00e4nder die B\u00fchnen verlassen haben (aus dem Text zur Nominierung f\u00fcr den Eisernen Eversteiner des Plauener Malzhauses).\u00a0<\/span><span style=\"color: #222222; font-family: verdana, geneva, sans-serif; font-size: 10pt;\">Das H\u00fcSCH!-Deb\u00fct-Album wurde vom Szene-Magazin Folker zur besten Deutsch-Folk-Scheibe seit Jahren gek\u00fcrt und die zweite CD\u00a0erhielt eine Nominierung f\u00fcr den\u00a0Preis der deutschen Schallplattenkritik.<\/span><\/p>\n<p style=\"text-align: justify;\" align=\"JUSTIFY\"><span style=\"color: #000000; font-family: verdana, geneva, sans-serif; font-size: 10pt;\"><span style=\"color: #222222;\">Einer der Gr\u00fcnde f\u00fcr diese erstaunliche Resonanz ist sicherlich, dass es sich bei den Musikern um\u00a0<\/span>versierte Instrumentalisten handelt, die eng mit ihrer regionalen Musik und Kultur verwoben sind. Jedoch haben die Protagonisten der Gruppe\u00a0<span style=\"color: #222222;\">ihr Handwerkszeug auch durch die Besch\u00e4ftigung mit anderen Stilistiken gelernt und lassen dies bewusst in ihre Interpretationen einflie\u00dfen.\u00a0 So h\u00f6rt man in den St\u00fccken immer etwas vom Feuer irischer Traditionals, ab und an etwas Gospel oder den Shuffle einer gut geschmierten, m\u00e4chtig groovenden Bluegrass-Band. Das Resultat: Es<\/span>\u00a0\u201e(\u2026) werden Volkslieder (\u2026) in atemberaubender Intensit\u00e4t und Frische (\u2026) in zupackender Weise mit gro\u00dfem Ausdruck gesungen.\u201c (Frankenpost 2013)<\/span><\/p>\n<p style=\"text-align: justify;\" align=\"JUSTIFY\"><span style=\"color: #000000; font-family: verdana, geneva, sans-serif; font-size: 10pt;\">\u00dcberdies eint die Akteure die Wiederentdeckung eines fast vergessenen Instruments, der Th\u00fcringer Waldzither. In Kombination mit Piano, Geige, Banjo, Fl\u00f6ten und\u00a0verschiedener Percussion\u00a0pr\u00e4sentiert H\u00fcSCH! damit einerseits Lieder, die man \u201eirgendwie schon mal geh\u00f6rt hat\u201c. Andererseits werden Texte neu vertont oder selbst im entsprechenden Gestus (in entsprechender Manier) geschrieben. Besonderes Markenzeichen von H\u00fcSCH! ist jedoch die Aufarbeitung von Liedern im Dialekt (Hennebergisch und Vogtl\u00e4ndisch), die entweder durch m\u00fcndliche \u00dcberlieferung den Weg in das Repertoire gefunden haben oder in Archiven (vielen Dank an die Volkskundliche Beratungs- und Informationsstelle f\u00fcr Th\u00fcringen) ausgegraben wurden. Was hier zu Tage gef\u00f6rdert wurde, muss den Vergleich mit den europ\u00e4ischen Nachbarn in keinster\u00a0Weise scheuen. Es sind St\u00fccke mit viel Kraft und Feuer \u2014 und immer mit etwas augenzwinkernder Anarchie, die stets ehrlich und authentisch daherkommen.<\/span><\/p>\n<p style=\"text-align: justify;\" align=\"JUSTIFY\"><span style=\"color: #000000; font-family: verdana, geneva, sans-serif; font-size: 10pt;\">F\u00fcr die Band ist diese Musik Teil der eigenen Identit\u00e4t und es ist ihr erkl\u00e4rtes Ziel, sie nicht einem unliebsamen Patriotismus oder dem Fernseh-Stadel zu \u00fcberlassen. Sie ist in der Lage, eine der sch\u00f6nsten und geschichtstr\u00e4chtigsten Regionen Europas zu spiegeln, ein Pl\u00e4doyer f\u00fcr die Hinwendung zu den eigenen Wurzeln, die ein wichtiger Halt in einer globalisierten Welt sind. Eine Tatsache, die in anderen L\u00e4ndern eine beneidenswerte Selbstverst\u00e4ndlichkeit ist.<\/span><\/p>\n<p style=\"text-align: justify;\" align=\"JUSTIFY\"><span style=\"color: #000000; font-family: verdana, geneva, sans-serif; font-size: 10pt;\">Trotz der relativ kurzen Historie der Band \u2014 sie wurde im Rahmen des Th\u00fcringer Waldzither-Symposiums in Suhl 2013 initiiert \u2014 war H\u00fcSCH! bereits Gast bei mehreren renommierten Festivals, von Venne bis Rudolstadt. Au\u00dferdem wurden sie im Herbst 2015 neben der Cr\u00e8me de la Cr\u00e8me der europ\u00e4ischen Folkmusik-Szene f\u00fcr den Eisernen Eversteiner nominiert.<\/span><\/p>\n<p style=\"text-align: justify;\" align=\"JUSTIFY\"><span style=\"color: #000000; font-family: verdana, geneva, sans-serif; font-size: 10pt;\">\u00dcbrigens bezeichnet das Wort \u201eh\u00fcsch\u201c im Th\u00fcringer Raum etwas von besonderer G\u00fcte. Bleibt zu hoffen, dass durch den unkonventionellen aber stets respektvollen Umgang mit der eigenen Tradition eine neue Form deutscher Folkmusik entsteht, die zu einem St\u00fcck echter Volksmusik wird und oft das Pr\u00e4dikat \u201eh\u00fcsch\u201c erh\u00e4lt.<\/span><\/p>\n<p><span style=\"text-decoration: underline;\"><span style=\"font-size: 12pt; font-family: verdana, geneva, sans-serif; color: #800000; text-decoration: underline;\">PDF\u00a0<a style=\"color: #800000; text-decoration: underline;\" href=\"http:\/\/huesch.janna-live.de\/wp-content\/uploads\/2016\/08\/Pressetext-1.pdf\">Pressetext<\/a><\/span><\/span><\/p>\n<p>&nbsp;<\/p>\n<p>&nbsp;<\/p>\n","protected":false},"excerpt":{"rendered":"<p>Der Pressetext von H\u00fcSCH! ist so konzipiert, dass die L\u00e4nge individuell angepasst werden kann. Der erste Absatz ist zum Verst\u00e4ndnis der Musik\u00a0von H\u00fcSCH! immer zu verwenden, jeder weitere Absatz ist f\u00fcr sich ein abgeschlossener Text und kann optional hinzugef\u00fcgt werden. Bestimmen Sie selbst, wie viel Information Sie \u00fcbernehmen. PRESSETEXT KURZ: H\u00fcSCH! spielt virtuose deutsche Folkmusik &hellip; <\/p>\n<p><a class=\"more-link btn\" href=\"https:\/\/www.songs-of-heimat.de\/index.php\/pressetext\/\">Weiterlesen<\/a><\/p>\n","protected":false},"author":2,"featured_media":0,"parent":0,"menu_order":0,"comment_status":"closed","ping_status":"closed","template":"","meta":{"footnotes":""},"class_list":["post-487","page","type-page","status-publish","hentry","nodate","item-wrap"],"_links":{"self":[{"href":"https:\/\/www.songs-of-heimat.de\/index.php\/wp-json\/wp\/v2\/pages\/487","targetHints":{"allow":["GET"]}}],"collection":[{"href":"https:\/\/www.songs-of-heimat.de\/index.php\/wp-json\/wp\/v2\/pages"}],"about":[{"href":"https:\/\/www.songs-of-heimat.de\/index.php\/wp-json\/wp\/v2\/types\/page"}],"author":[{"embeddable":true,"href":"https:\/\/www.songs-of-heimat.de\/index.php\/wp-json\/wp\/v2\/users\/2"}],"replies":[{"embeddable":true,"href":"https:\/\/www.songs-of-heimat.de\/index.php\/wp-json\/wp\/v2\/comments?post=487"}],"version-history":[{"count":4,"href":"https:\/\/www.songs-of-heimat.de\/index.php\/wp-json\/wp\/v2\/pages\/487\/revisions"}],"predecessor-version":[{"id":550,"href":"https:\/\/www.songs-of-heimat.de\/index.php\/wp-json\/wp\/v2\/pages\/487\/revisions\/550"}],"wp:attachment":[{"href":"https:\/\/www.songs-of-heimat.de\/index.php\/wp-json\/wp\/v2\/media?parent=487"}],"curies":[{"name":"wp","href":"https:\/\/api.w.org\/{rel}","templated":true}]}}