{"id":225,"date":"2016-07-27T14:57:17","date_gmt":"2016-07-27T12:57:17","guid":{"rendered":"http:\/\/huesch.janna-live.de\/?page_id=225"},"modified":"2025-03-27T14:10:00","modified_gmt":"2025-03-27T13:10:00","slug":"musik-2","status":"publish","type":"page","link":"https:\/\/www.songs-of-heimat.de\/index.php\/musik-2\/","title":{"rendered":"Musik\/CDs"},"content":{"rendered":"<p><span style=\"font-family: verdana, geneva, sans-serif;\">H\u00fcSCH! hat bisher 2 CDs ver\u00f6ffentlicht:<\/span><\/p>\n<p style=\"text-align: left;\"><span style=\"font-family: verdana, geneva, sans-serif;\"><strong><span style=\"font-size: 12pt;\">JETZT, HEUT UND HIER\u00a0<\/span><\/strong><\/span><\/p>\n<p style=\"text-align: left;\"><span style=\"font-family: verdana, geneva, sans-serif;\">Mit ausf\u00fchrlichem Booklet 16 S.\u00a0(deutsch\/englisch) \u00a0\u00a0Spielzeit: 65:47<\/span><\/p>\n<p style=\"text-align: left;\"><span style=\"font-family: verdana, geneva, sans-serif;\"><img loading=\"lazy\" decoding=\"async\" class=\"alignnone size-thumbnail wp-image-221\" src=\"https:\/\/www.songs-of-heimat.de\/wp-content\/uploads\/2016\/07\/CD-2-Mini-150x150.jpg\" alt=\"CD 2 Mini\" width=\"150\" height=\"150\" \/><\/span><\/p>\n<p><span style=\"font-size: 10pt; font-family: verdana, geneva, sans-serif;\">Bestellen kann man direkt beim Label:\u00a0<\/span><\/p>\n<p><span style=\"text-decoration: underline;\"><span style=\"font-size: 10pt; font-family: verdana, geneva, sans-serif; color: #800000;\"><strong><a style=\"color: #800000; text-decoration: underline;\" href=\"https:\/\/cpl-musicshop.de\/eigene-labels\/cpl-music\/85\/huesch-jetzt-heut-und-hier-cd\" target=\"_blank\" rel=\"noopener\">CPL Music: JETZT, HEUT UND HIER<\/a><\/strong><\/span><\/span><\/p>\n<p><span style=\"font-family: verdana, geneva, sans-serif;\">Oder bei Amazon (auch als MP3-Version zum Herunterladen):<\/span><\/p>\n<p><span style=\"text-decoration: underline;\"><span style=\"font-family: verdana, geneva, sans-serif; font-size: 10pt; color: #800000;\"><strong><a style=\"color: #800000; text-decoration: underline;\" href=\"https:\/\/www.amazon.de\/Jetzt-Heut-Hier-H%C3%BCsch\/dp\/B01EBGZMYW\/ref=sr_1_2?s=music&amp;ie=UTF8&amp;qid=1469626267&amp;sr=1-2&amp;keywords=h%C3%BCsch\" target=\"_blank\" rel=\"noopener\">Amazon: H\u00fcSCH! 2.CD<\/a><\/strong><\/span><\/span><\/p>\n<p><span style=\"font-family: verdana, geneva, sans-serif;\">Reinh\u00f6ren:<\/span><\/p>\n<p><span style=\"font-family: verdana, geneva, sans-serif; font-size: 10pt;\"><script type=\"text\/javascript\">swfobject.embedSWF(\"https:\/\/www.songs-of-heimat.de\/wp-content\/plugins\/flash-album-gallery\/lib\/mini.swf\", \"c-219\", \"250\", \"20\", \"10.1.52\", \"expressInstall.swf\", {path:\"https:\/\/www.songs-of-heimat.de\/wp-content\/uploads\/2016\/07\/Wandernder-Musikant\",bgcolor:\"782816\",color1:\"ffffff\",color2:\"241614\",autoplay:\"false\"}, {wmode:\"transparent\"}, {id:\"f-219\",name:\"f-219\"});<\/script><div id=\"c-219\" class=\"grandmp3\"><audio src=\"https:\/\/www.songs-of-heimat.de\/wp-content\/uploads\/2016\/07\/Wandernder-Musikant.mp3\" controls preload=\"none\" autobuffer=\"false\"><\/audio><\/div> \u00a0 \u00a0\u00a0Der wandernde Musikant<\/span><\/p>\n<p><span style=\"font-family: verdana, geneva, sans-serif; font-size: 10pt;\"><script type=\"text\/javascript\">swfobject.embedSWF(\"https:\/\/www.songs-of-heimat.de\/wp-content\/plugins\/flash-album-gallery\/lib\/mini.swf\", \"c-218\", \"250\", \"20\", \"10.1.52\", \"expressInstall.swf\", {path:\"https:\/\/www.songs-of-heimat.de\/wp-content\/uploads\/2016\/07\/Maienzeit\",bgcolor:\"782816\",color1:\"ffffff\",color2:\"241614\",autoplay:\"false\"}, {wmode:\"transparent\"}, {id:\"f-218\",name:\"f-218\"});<\/script><div id=\"c-218\" class=\"grandmp3\"><audio src=\"https:\/\/www.songs-of-heimat.de\/wp-content\/uploads\/2016\/07\/Maienzeit.mp3\" controls preload=\"none\" autobuffer=\"false\"><\/audio><\/div> \u00a0 \u00a0 Maienzeit<\/span><\/p>\n<p><span style=\"font-family: verdana, geneva, sans-serif; font-size: 10pt;\"><script type=\"text\/javascript\">swfobject.embedSWF(\"https:\/\/www.songs-of-heimat.de\/wp-content\/plugins\/flash-album-gallery\/lib\/mini.swf\", \"c-239\", \"250\", \"20\", \"10.1.52\", \"expressInstall.swf\", {path:\"https:\/\/www.songs-of-heimat.de\/wp-content\/uploads\/2016\/07\/M\u00f6nch\",bgcolor:\"782816\",color1:\"ffffff\",color2:\"241614\",autoplay:\"false\"}, {wmode:\"transparent\"}, {id:\"f-239\",name:\"f-239\"});<\/script><div id=\"c-239\" class=\"grandmp3\"><audio src=\"https:\/\/www.songs-of-heimat.de\/wp-content\/uploads\/2016\/07\/M\u00f6nch.mp3\" controls preload=\"none\" autobuffer=\"false\"><\/audio><\/div> \u00a0 \u00a0 Minnich willst de dansen<\/span><\/p>\n<p><span style=\"font-family: verdana, geneva, sans-serif; font-size: 10pt;\"><script type=\"text\/javascript\">swfobject.embedSWF(\"https:\/\/www.songs-of-heimat.de\/wp-content\/plugins\/flash-album-gallery\/lib\/mini.swf\", \"c-241\", \"250\", \"20\", \"10.1.52\", \"expressInstall.swf\", {path:\"https:\/\/www.songs-of-heimat.de\/wp-content\/uploads\/2016\/07\/Schnee-gefallen\",bgcolor:\"782816\",color1:\"ffffff\",color2:\"241614\",autoplay:\"false\"}, {wmode:\"transparent\"}, {id:\"f-241\",name:\"f-241\"});<\/script><div id=\"c-241\" class=\"grandmp3\"><audio src=\"https:\/\/www.songs-of-heimat.de\/wp-content\/uploads\/2016\/07\/Schnee-gefallen.mp3\" controls preload=\"none\" autobuffer=\"false\"><\/audio><\/div> \u00a0 \u00a0 Es ist ein Schnee gefallen<\/span><\/p>\n<p><span style=\"font-family: verdana, geneva, sans-serif; font-size: 10pt;\"><script type=\"text\/javascript\">swfobject.embedSWF(\"https:\/\/www.songs-of-heimat.de\/wp-content\/plugins\/flash-album-gallery\/lib\/mini.swf\", \"c-242\", \"250\", \"20\", \"10.1.52\", \"expressInstall.swf\", {path:\"https:\/\/www.songs-of-heimat.de\/wp-content\/uploads\/2016\/07\/Th\u00fcringer-Land\",bgcolor:\"782816\",color1:\"ffffff\",color2:\"241614\",autoplay:\"false\"}, {wmode:\"transparent\"}, {id:\"f-242\",name:\"f-242\"});<\/script><div id=\"c-242\" class=\"grandmp3\"><audio src=\"https:\/\/www.songs-of-heimat.de\/wp-content\/uploads\/2016\/07\/Th\u00fcringer-Land.mp3\" controls preload=\"none\" autobuffer=\"false\"><\/audio><\/div> \u00a0 \u00a0 Th\u00fcringer Land<\/span><\/p>\n<p><span style=\"font-family: verdana, geneva, sans-serif; font-size: 10pt;\"><script type=\"text\/javascript\">swfobject.embedSWF(\"https:\/\/www.songs-of-heimat.de\/wp-content\/plugins\/flash-album-gallery\/lib\/mini.swf\", \"c-238\", \"250\", \"20\", \"10.1.52\", \"expressInstall.swf\", {path:\"https:\/\/www.songs-of-heimat.de\/wp-content\/uploads\/2016\/07\/Kein-Feuer\",bgcolor:\"782816\",color1:\"ffffff\",color2:\"241614\",autoplay:\"false\"}, {wmode:\"transparent\"}, {id:\"f-238\",name:\"f-238\"});<\/script><div id=\"c-238\" class=\"grandmp3\"><audio src=\"https:\/\/www.songs-of-heimat.de\/wp-content\/uploads\/2016\/07\/Kein-Feuer.mp3\" controls preload=\"none\" autobuffer=\"false\"><\/audio><\/div> \u00a0 \u00a0 Kein Feuer, keine Kohle<\/span><\/p>\n<p><span style=\"font-family: verdana, geneva, sans-serif; font-size: 10pt;\"><script type=\"text\/javascript\">swfobject.embedSWF(\"https:\/\/www.songs-of-heimat.de\/wp-content\/plugins\/flash-album-gallery\/lib\/mini.swf\", \"c-240\", \"250\", \"20\", \"10.1.52\", \"expressInstall.swf\", {path:\"https:\/\/www.songs-of-heimat.de\/wp-content\/uploads\/2016\/07\/Rattenf\u00e4nger\",bgcolor:\"782816\",color1:\"ffffff\",color2:\"241614\",autoplay:\"false\"}, {wmode:\"transparent\"}, {id:\"f-240\",name:\"f-240\"});<\/script><div id=\"c-240\" class=\"grandmp3\"><audio src=\"https:\/\/www.songs-of-heimat.de\/wp-content\/uploads\/2016\/07\/Rattenf\u00e4nger.mp3\" controls preload=\"none\" autobuffer=\"false\"><\/audio><\/div> \u00a0 \u00a0 Rattenf\u00e4nger<\/span><\/p>\n<p><span style=\"font-family: verdana, geneva, sans-serif; font-size: 10pt;\"><script type=\"text\/javascript\">swfobject.embedSWF(\"https:\/\/www.songs-of-heimat.de\/wp-content\/plugins\/flash-album-gallery\/lib\/mini.swf\", \"c-245\", \"250\", \"20\", \"10.1.52\", \"expressInstall.swf\", {path:\"https:\/\/www.songs-of-heimat.de\/wp-content\/uploads\/2016\/07\/Jetzt\",bgcolor:\"782816\",color1:\"ffffff\",color2:\"241614\",autoplay:\"false\"}, {wmode:\"transparent\"}, {id:\"f-245\",name:\"f-245\"});<\/script><div id=\"c-245\" class=\"grandmp3\"><audio src=\"https:\/\/www.songs-of-heimat.de\/wp-content\/uploads\/2016\/07\/Jetzt.mp3\" controls preload=\"none\" autobuffer=\"false\"><\/audio><\/div> \u00a0 \u00a0 Jetzt, heut und hier<\/span><\/p>\n<p><span style=\"font-family: verdana, geneva, sans-serif; font-size: 10pt;\"><script type=\"text\/javascript\">swfobject.embedSWF(\"https:\/\/www.songs-of-heimat.de\/wp-content\/plugins\/flash-album-gallery\/lib\/mini.swf\", \"c-246\", \"250\", \"20\", \"10.1.52\", \"expressInstall.swf\", {path:\"https:\/\/www.songs-of-heimat.de\/wp-content\/uploads\/2016\/07\/Leineweber\",bgcolor:\"782816\",color1:\"ffffff\",color2:\"241614\",autoplay:\"false\"}, {wmode:\"transparent\"}, {id:\"f-246\",name:\"f-246\"});<\/script><div id=\"c-246\" class=\"grandmp3\"><audio src=\"https:\/\/www.songs-of-heimat.de\/wp-content\/uploads\/2016\/07\/Leineweber.mp3\" controls preload=\"none\" autobuffer=\"false\"><\/audio><\/div> \u00a0 \u00a0 Die Leineweber<\/span><\/p>\n<p><span style=\"font-family: verdana, geneva, sans-serif; font-size: 10pt;\"><script type=\"text\/javascript\">swfobject.embedSWF(\"https:\/\/www.songs-of-heimat.de\/wp-content\/plugins\/flash-album-gallery\/lib\/mini.swf\", \"c-247\", \"250\", \"20\", \"10.1.52\", \"expressInstall.swf\", {path:\"https:\/\/www.songs-of-heimat.de\/wp-content\/uploads\/2016\/07\/Schneegebirge\",bgcolor:\"782816\",color1:\"ffffff\",color2:\"241614\",autoplay:\"false\"}, {wmode:\"transparent\"}, {id:\"f-247\",name:\"f-247\"});<\/script><div id=\"c-247\" class=\"grandmp3\"><audio src=\"https:\/\/www.songs-of-heimat.de\/wp-content\/uploads\/2016\/07\/Schneegebirge.mp3\" controls preload=\"none\" autobuffer=\"false\"><\/audio><\/div> \u00a0 \u00a0 Schneegebirge<\/span><\/p>\n<p><span style=\"font-family: verdana, geneva, sans-serif; font-size: 10pt;\"><script type=\"text\/javascript\">swfobject.embedSWF(\"https:\/\/www.songs-of-heimat.de\/wp-content\/plugins\/flash-album-gallery\/lib\/mini.swf\", \"c-248\", \"250\", \"20\", \"10.1.52\", \"expressInstall.swf\", {path:\"https:\/\/www.songs-of-heimat.de\/wp-content\/uploads\/2016\/07\/Klage\",bgcolor:\"782816\",color1:\"ffffff\",color2:\"241614\",autoplay:\"false\"}, {wmode:\"transparent\"}, {id:\"f-248\",name:\"f-248\"});<\/script><div id=\"c-248\" class=\"grandmp3\"><audio src=\"https:\/\/www.songs-of-heimat.de\/wp-content\/uploads\/2016\/07\/Klage.mp3\" controls preload=\"none\" autobuffer=\"false\"><\/audio><\/div> \u00a0 \u00a0 Klage und Gl\u00fcck der Liebe<\/span><\/p>\n<p><span style=\"font-family: verdana, geneva, sans-serif; font-size: 10pt;\"><script type=\"text\/javascript\">swfobject.embedSWF(\"https:\/\/www.songs-of-heimat.de\/wp-content\/plugins\/flash-album-gallery\/lib\/mini.swf\", \"c-249\", \"250\", \"20\", \"10.1.52\", \"expressInstall.swf\", {path:\"https:\/\/www.songs-of-heimat.de\/wp-content\/uploads\/2016\/07\/Lauder\",bgcolor:\"782816\",color1:\"ffffff\",color2:\"241614\",autoplay:\"false\"}, {wmode:\"transparent\"}, {id:\"f-249\",name:\"f-249\"});<\/script><div id=\"c-249\" class=\"grandmp3\"><audio src=\"https:\/\/www.songs-of-heimat.de\/wp-content\/uploads\/2016\/07\/Lauder.mp3\" controls preload=\"none\" autobuffer=\"false\"><\/audio><\/div> \u00a0 \u00a0 Ner lauder Wind<\/span><\/p>\n<p><span style=\"font-family: verdana, geneva, sans-serif; font-size: 10pt;\"><script type=\"text\/javascript\">swfobject.embedSWF(\"https:\/\/www.songs-of-heimat.de\/wp-content\/plugins\/flash-album-gallery\/lib\/mini.swf\", \"c-250\", \"250\", \"20\", \"10.1.52\", \"expressInstall.swf\", {path:\"https:\/\/www.songs-of-heimat.de\/wp-content\/uploads\/2016\/07\/Herbst\",bgcolor:\"782816\",color1:\"ffffff\",color2:\"241614\",autoplay:\"false\"}, {wmode:\"transparent\"}, {id:\"f-250\",name:\"f-250\"});<\/script><div id=\"c-250\" class=\"grandmp3\"><audio src=\"https:\/\/www.songs-of-heimat.de\/wp-content\/uploads\/2016\/07\/Herbst.mp3\" controls preload=\"none\" autobuffer=\"false\"><\/audio><\/div> \u00a0 \u00a0 Herbstlied \/ Alle gute Gabe<\/span><\/p>\n<p><span style=\"font-family: verdana, geneva, sans-serif; font-size: 10pt;\"><script type=\"text\/javascript\">swfobject.embedSWF(\"https:\/\/www.songs-of-heimat.de\/wp-content\/plugins\/flash-album-gallery\/lib\/mini.swf\", \"c-251\", \"250\", \"20\", \"10.1.52\", \"expressInstall.swf\", {path:\"https:\/\/www.songs-of-heimat.de\/wp-content\/uploads\/2016\/07\/Gedanken\",bgcolor:\"782816\",color1:\"ffffff\",color2:\"241614\",autoplay:\"false\"}, {wmode:\"transparent\"}, {id:\"f-251\",name:\"f-251\"});<\/script><div id=\"c-251\" class=\"grandmp3\"><audio src=\"https:\/\/www.songs-of-heimat.de\/wp-content\/uploads\/2016\/07\/Gedanken.mp3\" controls preload=\"none\" autobuffer=\"false\"><\/audio><\/div> \u00a0 \u00a0 Die Gedanken sind frei<\/span><\/p>\n<p><span style=\"font-family: verdana, geneva, sans-serif; font-size: 10pt;\"><script type=\"text\/javascript\">swfobject.embedSWF(\"https:\/\/www.songs-of-heimat.de\/wp-content\/plugins\/flash-album-gallery\/lib\/mini.swf\", \"c-252\", \"250\", \"20\", \"10.1.52\", \"expressInstall.swf\", {path:\"https:\/\/www.songs-of-heimat.de\/wp-content\/uploads\/2016\/07\/Wandrers-nachtlied\",bgcolor:\"782816\",color1:\"ffffff\",color2:\"241614\",autoplay:\"false\"}, {wmode:\"transparent\"}, {id:\"f-252\",name:\"f-252\"});<\/script><div id=\"c-252\" class=\"grandmp3\"><audio src=\"https:\/\/www.songs-of-heimat.de\/wp-content\/uploads\/2016\/07\/Wandrers-nachtlied.mp3\" controls preload=\"none\" autobuffer=\"false\"><\/audio><\/div> \u00a0 \u00a0 Wandrers Nachtlied \/ Ein Gleiches<\/span><\/p>\n<p><span style=\"font-family: verdana, geneva, sans-serif; font-size: 10pt;\"><script type=\"text\/javascript\">swfobject.embedSWF(\"https:\/\/www.songs-of-heimat.de\/wp-content\/plugins\/flash-album-gallery\/lib\/mini.swf\", \"c-253\", \"250\", \"20\", \"10.1.52\", \"expressInstall.swf\", {path:\"https:\/\/www.songs-of-heimat.de\/wp-content\/uploads\/2016\/07\/Bachs\",bgcolor:\"782816\",color1:\"ffffff\",color2:\"241614\",autoplay:\"false\"}, {wmode:\"transparent\"}, {id:\"f-253\",name:\"f-253\"});<\/script><div id=\"c-253\" class=\"grandmp3\"><audio src=\"https:\/\/www.songs-of-heimat.de\/wp-content\/uploads\/2016\/07\/Bachs.mp3\" controls preload=\"none\" autobuffer=\"false\"><\/audio><\/div> \u00a0 \u00a0 Bachs Menuett<\/span><\/p>\n<p><span style=\"font-family: verdana, geneva, sans-serif;\"><strong><span style=\"font-size: 12pt;\">BANN DR MORCHE GRAUIT\u00a0<\/span><\/strong><\/span><\/p>\n<p><span style=\"font-family: verdana, geneva, sans-serif; font-size: 10pt;\">Mit ausf\u00fchrlichem Booklet 16 S.\u00a0(deutsch\/englisch)<\/span><\/p>\n<p><img loading=\"lazy\" decoding=\"async\" class=\"alignnone size-thumbnail wp-image-256\" src=\"https:\/\/www.songs-of-heimat.de\/wp-content\/uploads\/2016\/07\/CD-1-Mini-150x150.jpg\" alt=\"CD 1 Mini\" width=\"150\" height=\"150\" \/><\/p>\n<p><span style=\"font-family: verdana, geneva, sans-serif; font-size: 10pt;\">Bestellen kann man hier:\u00a0<\/span><\/p>\n<p><strong><span style=\"text-decoration: underline;\"><span style=\"font-family: verdana, geneva, sans-serif; font-size: 10pt; color: #800000;\"><a style=\"color: #800000; text-decoration: underline;\" href=\"mailto:H\u00dcSCH%20%3Channaflock@googlemail.com%3E?subject=H\u00dcSCH%20CD-Bestellung&amp;body=CD-Bestell-Anfrage:%20H\u00dcSCH%0A%0AVielen%20Dank%20f\u00fcr%20Ihre%20Anfrage!%20Eine%20CD%20kostet%2015,00%20EUR%20zzgl.%202,00%20EUR%20Versandkosten.%0A%0AIhre%20Bestellung:%0A%0ACD:%20%20%20%20%20%20%20%20%20%20%20%20%20%20%20%20%20%20%20%20%20%20%20%20%20%20%20%20%20%20%20%20%20%20%20%20%20%20%20%20%20%20%20%20%20%20%20%20%20Anzahl:%0ABann%20Dr%20Morche%20Grauit%20%20%20%20%20%20%20%20%20%20%20%20%20%20%20%20%20%20%20%200%0A%0A%20Ihr%20Vor-%20und%20Nachname:%0A%20Ihre%20Rechnungsadresse:%20%0A%20Ihre%20Lieferadresse:%20%0A%0ABitte%20\u00fcberweisen%20Sie%20den%20entsprechenden%20Betrag%20auf%20folgendes%20Konto:%0A%0AKontoinhaber:%20%20%20%20%20%20%20%20%20%20%20%20Hanna%20Flock-Rosenbr\u00fcck%0AIBAN:%20%20%20%20%20%20%20%20%20%20%20%20%20%20%20%20%20%20%20%20%20%20%20%20%20%20%20%20DE28%208601%200090%200304%206009%2004%0ABIC:%20%20%20%20%20%20%20%20%20%20%20%20%20%20%20%20%20%20%20%20%20%20%20%20%20%20%20%20%20%20%20PBNKDEFF%0ABankinstitut:%20%20%20%20%20%20%20%20%20%20%20%20%20%20%20Postbank%20Leipzig%0AVerwendungszweck:%20CD-Titel,%20Name%20des%20Bestellers%0A%0ASobald%20Ihre%20\u00dcberweisung%20bei%20uns%20eingegangen%20ist,%20senden%20wir%20Ihnen%20Ihre%20CDs%20zu.%0AWir%20behalten%20uns%20vor,%20Ihre%20Bestellung%20zu%20stornieren,%20falls%20keine%20\u00dcberweisung%20des%0ABetrags%20innerhalb%20von%2014%20Tagen%20eingegangen%20ist.%0A%0A%0A\">CD-Bestellung direkt bei H\u00fcSCH!<\/a><\/span><\/span><\/strong><\/p>\n<p><span style=\"font-family: verdana, geneva, sans-serif; font-size: 10pt;\">Ebenfalls erh\u00e4ltlich\u00a0bei &#8222;Old Songs New Songs&#8220; <\/span><\/p>\n<p><span style=\"font-family: verdana, geneva, sans-serif; font-size: 10pt;\">oder\u00a0<\/span><span style=\"font-family: verdana, geneva, sans-serif; font-size: 10pt;\">bei Amazon.<\/span><\/p>\n<p><span style=\"font-family: verdana, geneva, sans-serif; font-size: 10pt;\">Reinh\u00f6ren:<\/span><\/p>\n<p><span style=\"font-family: verdana, geneva, sans-serif; font-size: 10pt;\"><script type=\"text\/javascript\">swfobject.embedSWF(\"https:\/\/www.songs-of-heimat.de\/wp-content\/plugins\/flash-album-gallery\/lib\/mini.swf\", \"c-260\", \"250\", \"20\", \"10.1.52\", \"expressInstall.swf\", {path:\"https:\/\/www.songs-of-heimat.de\/wp-content\/uploads\/2016\/07\/Kein-sch\u00f6ner-Land\",bgcolor:\"782816\",color1:\"ffffff\",color2:\"241614\",autoplay:\"false\"}, {wmode:\"transparent\"}, {id:\"f-260\",name:\"f-260\"});<\/script><div id=\"c-260\" class=\"grandmp3\"><audio src=\"https:\/\/www.songs-of-heimat.de\/wp-content\/uploads\/2016\/07\/Kein-sch\u00f6ner-Land.mp3\" controls preload=\"none\" autobuffer=\"false\"><\/audio><\/div> \u00a0 \u00a0 Kein sch\u00f6ner Land<\/span><\/p>\n<p><span style=\"font-family: verdana, geneva, sans-serif; font-size: 10pt;\"><script type=\"text\/javascript\">swfobject.embedSWF(\"https:\/\/www.songs-of-heimat.de\/wp-content\/plugins\/flash-album-gallery\/lib\/mini.swf\", \"c-261\", \"250\", \"20\", \"10.1.52\", \"expressInstall.swf\", {path:\"https:\/\/www.songs-of-heimat.de\/wp-content\/uploads\/2016\/07\/Fr\u00fch-bann-dr\",bgcolor:\"782816\",color1:\"ffffff\",color2:\"241614\",autoplay:\"false\"}, {wmode:\"transparent\"}, {id:\"f-261\",name:\"f-261\"});<\/script><div id=\"c-261\" class=\"grandmp3\"><audio src=\"https:\/\/www.songs-of-heimat.de\/wp-content\/uploads\/2016\/07\/Fr\u00fch-bann-dr.mp3\" controls preload=\"none\" autobuffer=\"false\"><\/audio><\/div> \u00a0 \u00a0 Fr\u00fch bann dr Morche grauit<\/span><\/p>\n<p><span style=\"font-family: verdana, geneva, sans-serif; font-size: 10pt;\"><script type=\"text\/javascript\">swfobject.embedSWF(\"https:\/\/www.songs-of-heimat.de\/wp-content\/plugins\/flash-album-gallery\/lib\/mini.swf\", \"c-265\", \"250\", \"20\", \"10.1.52\", \"expressInstall.swf\", {path:\"https:\/\/www.songs-of-heimat.de\/wp-content\/uploads\/2016\/07\/Es-geht-ein-dunkle-Wolk\",bgcolor:\"782816\",color1:\"ffffff\",color2:\"241614\",autoplay:\"false\"}, {wmode:\"transparent\"}, {id:\"f-265\",name:\"f-265\"});<\/script><div id=\"c-265\" class=\"grandmp3\"><audio src=\"https:\/\/www.songs-of-heimat.de\/wp-content\/uploads\/2016\/07\/Es-geht-ein-dunkle-Wolk.mp3\" controls preload=\"none\" autobuffer=\"false\"><\/audio><\/div> \u00a0 \u00a0 Es geht ein dunkle Wolk herein<\/span><\/p>\n<p><span style=\"font-family: verdana, geneva, sans-serif; font-size: 10pt;\"><script type=\"text\/javascript\">swfobject.embedSWF(\"https:\/\/www.songs-of-heimat.de\/wp-content\/plugins\/flash-album-gallery\/lib\/mini.swf\", \"c-262\", \"250\", \"20\", \"10.1.52\", \"expressInstall.swf\", {path:\"https:\/\/www.songs-of-heimat.de\/wp-content\/uploads\/2016\/07\/Wenn-aaner\",bgcolor:\"782816\",color1:\"ffffff\",color2:\"241614\",autoplay:\"false\"}, {wmode:\"transparent\"}, {id:\"f-262\",name:\"f-262\"});<\/script><div id=\"c-262\" class=\"grandmp3\"><audio src=\"https:\/\/www.songs-of-heimat.de\/wp-content\/uploads\/2016\/07\/Wenn-aaner.mp3\" controls preload=\"none\" autobuffer=\"false\"><\/audio><\/div> \u00a0 \u00a0 Wenn Aaner ins Gebirg rauf kimmt \/ Kommt ihr G&#8217;spielen<\/span><\/p>\n<p><span style=\"font-family: verdana, geneva, sans-serif; font-size: 10pt;\"><script type=\"text\/javascript\">swfobject.embedSWF(\"https:\/\/www.songs-of-heimat.de\/wp-content\/plugins\/flash-album-gallery\/lib\/mini.swf\", \"c-271\", \"250\", \"20\", \"10.1.52\", \"expressInstall.swf\", {path:\"https:\/\/www.songs-of-heimat.de\/wp-content\/uploads\/2016\/07\/\u00dcber-den-Berg\",bgcolor:\"782816\",color1:\"ffffff\",color2:\"241614\",autoplay:\"false\"}, {wmode:\"transparent\"}, {id:\"f-271\",name:\"f-271\"});<\/script><div id=\"c-271\" class=\"grandmp3\"><audio src=\"https:\/\/www.songs-of-heimat.de\/wp-content\/uploads\/2016\/07\/\u00dcber-den-Berg.mp3\" controls preload=\"none\" autobuffer=\"false\"><\/audio><\/div> \u00a0 \u00a0 \u00dcber den Berg<\/span><\/p>\n<p><span style=\"font-family: verdana, geneva, sans-serif; font-size: 10pt;\"><script type=\"text\/javascript\">swfobject.embedSWF(\"https:\/\/www.songs-of-heimat.de\/wp-content\/plugins\/flash-album-gallery\/lib\/mini.swf\", \"c-269\", \"250\", \"20\", \"10.1.52\", \"expressInstall.swf\", {path:\"https:\/\/www.songs-of-heimat.de\/wp-content\/uploads\/2016\/07\/Lenz\",bgcolor:\"782816\",color1:\"ffffff\",color2:\"241614\",autoplay:\"false\"}, {wmode:\"transparent\"}, {id:\"f-269\",name:\"f-269\"});<\/script><div id=\"c-269\" class=\"grandmp3\"><audio src=\"https:\/\/www.songs-of-heimat.de\/wp-content\/uploads\/2016\/07\/Lenz.mp3\" controls preload=\"none\" autobuffer=\"false\"><\/audio><\/div> \u00a0 \u00a0 Nun will der Lenz uns gr\u00fc\u00dfen<\/span><\/p>\n<p><span style=\"font-family: verdana, geneva, sans-serif; font-size: 10pt;\"><script type=\"text\/javascript\">swfobject.embedSWF(\"https:\/\/www.songs-of-heimat.de\/wp-content\/plugins\/flash-album-gallery\/lib\/mini.swf\", \"c-264\", \"250\", \"20\", \"10.1.52\", \"expressInstall.swf\", {path:\"https:\/\/www.songs-of-heimat.de\/wp-content\/uploads\/2016\/07\/B\u00fcchse\",bgcolor:\"782816\",color1:\"ffffff\",color2:\"241614\",autoplay:\"false\"}, {wmode:\"transparent\"}, {id:\"f-264\",name:\"f-264\"});<\/script><div id=\"c-264\" class=\"grandmp3\"><audio src=\"https:\/\/www.songs-of-heimat.de\/wp-content\/uploads\/2016\/07\/B\u00fcchse.mp3\" controls preload=\"none\" autobuffer=\"false\"><\/audio><\/div> \u00a0 \u00a0 Und so nehm ich meine B\u00fcchse \/Widele Wedele<\/span><\/p>\n<p><span style=\"font-family: verdana, geneva, sans-serif; font-size: 10pt;\"><script type=\"text\/javascript\">swfobject.embedSWF(\"https:\/\/www.songs-of-heimat.de\/wp-content\/plugins\/flash-album-gallery\/lib\/mini.swf\", \"c-270\", \"250\", \"20\", \"10.1.52\", \"expressInstall.swf\", {path:\"https:\/\/www.songs-of-heimat.de\/wp-content\/uploads\/2016\/07\/Schnitter\",bgcolor:\"782816\",color1:\"ffffff\",color2:\"241614\",autoplay:\"false\"}, {wmode:\"transparent\"}, {id:\"f-270\",name:\"f-270\"});<\/script><div id=\"c-270\" class=\"grandmp3\"><audio src=\"https:\/\/www.songs-of-heimat.de\/wp-content\/uploads\/2016\/07\/Schnitter.mp3\" controls preload=\"none\" autobuffer=\"false\"><\/audio><\/div> \u00a0 \u00a0 Es ist ein Schnitter<\/span><\/p>\n<p><span style=\"font-family: verdana, geneva, sans-serif; font-size: 10pt;\"><script type=\"text\/javascript\">swfobject.embedSWF(\"https:\/\/www.songs-of-heimat.de\/wp-content\/plugins\/flash-album-gallery\/lib\/mini.swf\", \"c-268\", \"250\", \"20\", \"10.1.52\", \"expressInstall.swf\", {path:\"https:\/\/www.songs-of-heimat.de\/wp-content\/uploads\/2016\/07\/Hansgeorg\",bgcolor:\"782816\",color1:\"ffffff\",color2:\"241614\",autoplay:\"false\"}, {wmode:\"transparent\"}, {id:\"f-268\",name:\"f-268\"});<\/script><div id=\"c-268\" class=\"grandmp3\"><audio src=\"https:\/\/www.songs-of-heimat.de\/wp-content\/uploads\/2016\/07\/Hansgeorg.mp3\" controls preload=\"none\" autobuffer=\"false\"><\/audio><\/div> \u00a0 \u00a0 Hansg\u00f6rg, wos mach mer heit?<\/span><\/p>\n<p><span style=\"font-family: verdana, geneva, sans-serif; font-size: 10pt;\"><script type=\"text\/javascript\">swfobject.embedSWF(\"https:\/\/www.songs-of-heimat.de\/wp-content\/plugins\/flash-album-gallery\/lib\/mini.swf\", \"c-263\", \"250\", \"20\", \"10.1.52\", \"expressInstall.swf\", {path:\"https:\/\/www.songs-of-heimat.de\/wp-content\/uploads\/2016\/07\/Wenn-ich-ein-V\u00f6glein\",bgcolor:\"782816\",color1:\"ffffff\",color2:\"241614\",autoplay:\"false\"}, {wmode:\"transparent\"}, {id:\"f-263\",name:\"f-263\"});<\/script><div id=\"c-263\" class=\"grandmp3\"><audio src=\"https:\/\/www.songs-of-heimat.de\/wp-content\/uploads\/2016\/07\/Wenn-ich-ein-V\u00f6glein.mp3\" controls preload=\"none\" autobuffer=\"false\"><\/audio><\/div> \u00a0 \u00a0 Wenn ich ein V\u00f6glein w\u00e4r<\/span><\/p>\n<p><span style=\"font-family: verdana, geneva, sans-serif; font-size: 10pt;\"><script type=\"text\/javascript\">swfobject.embedSWF(\"https:\/\/www.songs-of-heimat.de\/wp-content\/plugins\/flash-album-gallery\/lib\/mini.swf\", \"c-267\", \"250\", \"20\", \"10.1.52\", \"expressInstall.swf\", {path:\"https:\/\/www.songs-of-heimat.de\/wp-content\/uploads\/2016\/07\/Fr\u00fchjohrszeit\",bgcolor:\"782816\",color1:\"ffffff\",color2:\"241614\",autoplay:\"false\"}, {wmode:\"transparent\"}, {id:\"f-267\",name:\"f-267\"});<\/script><div id=\"c-267\" class=\"grandmp3\"><audio src=\"https:\/\/www.songs-of-heimat.de\/wp-content\/uploads\/2016\/07\/Fr\u00fchjohrszeit.mp3\" controls preload=\"none\" autobuffer=\"false\"><\/audio><\/div> \u00a0 \u00a0 Es wor zur Fr\u00fchjohrschzeit<\/span><\/p>\n","protected":false},"excerpt":{"rendered":"<p>H\u00fcSCH! hat bisher 2 CDs ver\u00f6ffentlicht: JETZT, HEUT UND HIER\u00a0 Mit ausf\u00fchrlichem Booklet 16 S.\u00a0(deutsch\/englisch) \u00a0\u00a0Spielzeit: 65:47 Bestellen kann man direkt beim Label:\u00a0 CPL Music: JETZT, HEUT UND HIER Oder bei Amazon (auch als MP3-Version zum Herunterladen): Amazon: H\u00fcSCH! 2.CD Reinh\u00f6ren: \u00a0 \u00a0\u00a0Der wandernde Musikant \u00a0 \u00a0 Maienzeit \u00a0 \u00a0 Minnich willst de dansen \u00a0 &hellip; <\/p>\n<p><a class=\"more-link btn\" href=\"https:\/\/www.songs-of-heimat.de\/index.php\/musik-2\/\">Weiterlesen<\/a><\/p>\n","protected":false},"author":2,"featured_media":0,"parent":0,"menu_order":0,"comment_status":"closed","ping_status":"closed","template":"","meta":{"footnotes":""},"class_list":["post-225","page","type-page","status-publish","hentry","nodate","item-wrap"],"_links":{"self":[{"href":"https:\/\/www.songs-of-heimat.de\/index.php\/wp-json\/wp\/v2\/pages\/225","targetHints":{"allow":["GET"]}}],"collection":[{"href":"https:\/\/www.songs-of-heimat.de\/index.php\/wp-json\/wp\/v2\/pages"}],"about":[{"href":"https:\/\/www.songs-of-heimat.de\/index.php\/wp-json\/wp\/v2\/types\/page"}],"author":[{"embeddable":true,"href":"https:\/\/www.songs-of-heimat.de\/index.php\/wp-json\/wp\/v2\/users\/2"}],"replies":[{"embeddable":true,"href":"https:\/\/www.songs-of-heimat.de\/index.php\/wp-json\/wp\/v2\/comments?post=225"}],"version-history":[{"count":36,"href":"https:\/\/www.songs-of-heimat.de\/index.php\/wp-json\/wp\/v2\/pages\/225\/revisions"}],"predecessor-version":[{"id":891,"href":"https:\/\/www.songs-of-heimat.de\/index.php\/wp-json\/wp\/v2\/pages\/225\/revisions\/891"}],"wp:attachment":[{"href":"https:\/\/www.songs-of-heimat.de\/index.php\/wp-json\/wp\/v2\/media?parent=225"}],"curies":[{"name":"wp","href":"https:\/\/api.w.org\/{rel}","templated":true}]}}